{"id":464,"date":"2026-02-02T20:45:16","date_gmt":"2026-02-02T20:45:16","guid":{"rendered":"https:\/\/emayamaroquinerie.com\/index.php\/produit\/sac-a-mains-bleu-marine-fleur-de-vie\/"},"modified":"2026-02-02T20:50:07","modified_gmt":"2026-02-02T20:50:07","slug":"sac-a-mains-bleu-marine-fleur-de-vie","status":"publish","type":"product","link":"https:\/\/emayamaroquinerie.com\/index.php\/produit\/sac-a-mains-bleu-marine-fleur-de-vie\/","title":{"rendered":"Sac \u00e0 main fleur de vie cousu main"},"content":{"rendered":"<p>Sac bandouli\u00e8re enti\u00e8rement fait main, r\u00e9alis\u00e9 dans mon atelier avec un grand soin des d\u00e9tails.<br \/>\nChaque pi\u00e8ce est cousue \u00e0 la main au point sellier, une technique artisanale reconnue pour sa solidit\u00e9 et sa durabilit\u00e9 exceptionnelle.<\/p>\n<p>Couleurs : bleu marine dominant, avec un contraste clair (blanc\/argent brillant) \u00e0 l\u2019int\u00e9rieur du rabat. Couture grise claire pour un contraste lumineux.<\/p>\n<p>Mati\u00e8res : cuir lisse pour le bleu, cuir su\u00e9d\u00e9 (aspect velours) pour le sous rabat, ce qui apporte une touche douce et artisanale.<\/p>\n<p>Rabat : arrondi, d\u00e9cor\u00e9 d\u2019un motif g\u00e9om\u00e9trique ajour\u00e9 (fleurs de vie), Toute les d\u00e9coupes sont astiqu\u00e9es ( teint\u00e9es ) pour une finition soign\u00e9e qui donne un c\u00f4t\u00e9 tr\u00e8s design et contemporain.<\/p>\n<p>Rangements: Le sac est con\u00e7u pour \u00eatre pratique et fonctionnel avec 2 poches plaqu\u00e9es au dos et devant \u00e0 l&rsquo;int\u00e9rieur et une plaqu\u00e9e \u00e0<em> <\/em>l&rsquo;ext\u00e9rieur<em> <\/em>sur le devant, en plus du compartiment principale.<\/p>\n<p>Fermeture : bouton pression m\u00e9tallique discret.<\/p>\n<p>Bandouli\u00e8re : longue, r\u00e9glable, en cuir assorti avec surpiq\u00fbres claires visibles, fix\u00e9e par des mousquetons m\u00e9talliques argent\u00e9s.<\/p>\n<p>Format : compact et plat, id\u00e9al pour l\u2019essentiel (t\u00e9l\u00e9phone, portefeuille, cl\u00e9s), facile \u00e0 porter au quotidien ou pour des occasions plus habill\u00e9es.<\/p>\n<p>C\u2019est un sac \u00e9l\u00e9gant, minimaliste et moderne, avec une vraie personnalit\u00e9 gr\u00e2ce au travail du cuir et au motif d\u00e9coratif. Un bel \u00e9quilibre entre artisanat et design graphique.<\/p>\n<p>Dimensions: Longueur 25cms \u00d7 H 14 cms \u00d7 \u00c9paisseur 5cms<\/p>\n<p>\u2728 100% cuir v\u00e9ritable, design unique et artisanal<br \/>\n\u2728 Pi\u00e8ce fabriqu\u00e9e \u00e0 la main, non produite en s\u00e9rie<br \/>\n\u2728 Bandouli\u00e8re r\u00e9glable et finitions haut de gamme<\/p>\n","protected":false},"excerpt":{"rendered":"<p>Sac bandouli\u00e8re enti\u00e8rement fait main, r\u00e9alis\u00e9 dans mon atelier avec un grand soin des d\u00e9tails. Chaque pi\u00e8ce est cousue \u00e0 la main au point sellier, une technique artisanale reconnue pour sa solidit\u00e9 et sa durabilit\u00e9 exceptionnelle. Couleurs : bleu marine dominant, avec un contraste clair (blanc\/argent brillant) \u00e0 l\u2019int\u00e9rieur du rabat. Couture grise claire pour [&hellip;]<\/p>\n","protected":false},"featured_media":456,"comment_status":"open","ping_status":"closed","template":"","meta":[],"product_brand":[],"product_cat":[28],"product_tag":[],"class_list":{"0":"post-464","1":"product","2":"type-product","3":"status-publish","4":"has-post-thumbnail","6":"product_cat-sac-a-main-cuir","7":"product_shipping_class-gros-objets","9":"first","10":"instock","11":"sold-individually","12":"shipping-taxable","13":"purchasable","14":"product-type-simple"},"jetpack_sharing_enabled":true,"tiered_pricing_type":"fixed","tiered_pricing_fixed_rules":[],"tiered_pricing_product_settings":{"layout":"default","base_unit_name":{"singular":null,"plural":null},"default_variation":null},"tiered_pricing_minimum_quantity":null,"tiered_pricing_roles_data":[],"tiered_pricing_percentage_rules":[],"_links":{"self":[{"href":"https:\/\/emayamaroquinerie.com\/index.php\/wp-json\/wp\/v2\/product\/464","targetHints":{"allow":["GET"]}}],"collection":[{"href":"https:\/\/emayamaroquinerie.com\/index.php\/wp-json\/wp\/v2\/product"}],"about":[{"href":"https:\/\/emayamaroquinerie.com\/index.php\/wp-json\/wp\/v2\/types\/product"}],"replies":[{"embeddable":true,"href":"https:\/\/emayamaroquinerie.com\/index.php\/wp-json\/wp\/v2\/comments?post=464"}],"wp:featuredmedia":[{"embeddable":true,"href":"https:\/\/emayamaroquinerie.com\/index.php\/wp-json\/wp\/v2\/media\/456"}],"wp:attachment":[{"href":"https:\/\/emayamaroquinerie.com\/index.php\/wp-json\/wp\/v2\/media?parent=464"}],"wp:term":[{"taxonomy":"product_brand","embeddable":true,"href":"https:\/\/emayamaroquinerie.com\/index.php\/wp-json\/wp\/v2\/product_brand?post=464"},{"taxonomy":"product_cat","embeddable":true,"href":"https:\/\/emayamaroquinerie.com\/index.php\/wp-json\/wp\/v2\/product_cat?post=464"},{"taxonomy":"product_tag","embeddable":true,"href":"https:\/\/emayamaroquinerie.com\/index.php\/wp-json\/wp\/v2\/product_tag?post=464"}],"curies":[{"name":"wp","href":"https:\/\/api.w.org\/{rel}","templated":true}]}}