{"id":439,"date":"2026-01-29T22:42:34","date_gmt":"2026-01-29T22:42:34","guid":{"rendered":"https:\/\/emayamaroquinerie.com\/?post_type=product&#038;p=439"},"modified":"2026-01-29T22:44:15","modified_gmt":"2026-01-29T22:44:15","slug":"porte-cle-papillon-blanc-et-fushia-2-3","status":"publish","type":"product","link":"https:\/\/emayamaroquinerie.com\/index.php\/produit\/porte-cle-papillon-blanc-et-fushia-2-3\/","title":{"rendered":"Porte cl\u00e9 papillon fushia cousu sur fond noir"},"content":{"rendered":"<p>Le porte-cl\u00e9s repr\u00e9sente un papillon aux ailes d\u00e9ploy\u00e9es. Les ailes sont d\u00e9coup\u00e9es et astiqu\u00e9es (teint\u00e9es) avec des motifs ajour\u00e9s, ce qui donne un effet \u00e9l\u00e9gant et l\u00e9ger. Elles sont cousues sur un fond d&rsquo;une couleur diff\u00e9rente afin de les faire ressortir .<\/p>\n<p>Il est \u00e9quip\u00e9 d&rsquo;un anneau m\u00e9tallique et d&rsquo;un mousqueton, ce qui permet de l&rsquo;accrocher facilement \u00e0 des cl\u00e9s ou \u00e0 un sac.<\/p>\n<p>Dimensions :  Largeur 8 cms \u00d7 10 cms au plus haut<\/p>\n<p>Fabriqu\u00e9e \u00e0 la main avec soin pour garantir un produit unique et durable.<\/p>\n","protected":false},"excerpt":{"rendered":"<p>Porte cl\u00e9 papillon rouge et noir, les associations de cuir sont uniques<\/p>\n","protected":false},"featured_media":441,"comment_status":"open","ping_status":"closed","template":"","meta":[],"product_brand":[],"product_cat":[23],"product_tag":[27],"class_list":{"0":"post-439","1":"product","2":"type-product","3":"status-publish","4":"has-post-thumbnail","6":"product_cat-portes-cles-papillons","7":"product_tag-papillon-rouge","8":"product_shipping_class-petits-objets","10":"first","11":"instock","12":"shipping-taxable","13":"purchasable","14":"product-type-simple"},"jetpack_sharing_enabled":true,"tiered_pricing_type":"fixed","tiered_pricing_fixed_rules":[],"tiered_pricing_product_settings":{"layout":"default","base_unit_name":{"singular":null,"plural":null},"default_variation":null},"tiered_pricing_minimum_quantity":null,"tiered_pricing_roles_data":[],"tiered_pricing_percentage_rules":[],"_links":{"self":[{"href":"https:\/\/emayamaroquinerie.com\/index.php\/wp-json\/wp\/v2\/product\/439","targetHints":{"allow":["GET"]}}],"collection":[{"href":"https:\/\/emayamaroquinerie.com\/index.php\/wp-json\/wp\/v2\/product"}],"about":[{"href":"https:\/\/emayamaroquinerie.com\/index.php\/wp-json\/wp\/v2\/types\/product"}],"replies":[{"embeddable":true,"href":"https:\/\/emayamaroquinerie.com\/index.php\/wp-json\/wp\/v2\/comments?post=439"}],"wp:featuredmedia":[{"embeddable":true,"href":"https:\/\/emayamaroquinerie.com\/index.php\/wp-json\/wp\/v2\/media\/441"}],"wp:attachment":[{"href":"https:\/\/emayamaroquinerie.com\/index.php\/wp-json\/wp\/v2\/media?parent=439"}],"wp:term":[{"taxonomy":"product_brand","embeddable":true,"href":"https:\/\/emayamaroquinerie.com\/index.php\/wp-json\/wp\/v2\/product_brand?post=439"},{"taxonomy":"product_cat","embeddable":true,"href":"https:\/\/emayamaroquinerie.com\/index.php\/wp-json\/wp\/v2\/product_cat?post=439"},{"taxonomy":"product_tag","embeddable":true,"href":"https:\/\/emayamaroquinerie.com\/index.php\/wp-json\/wp\/v2\/product_tag?post=439"}],"curies":[{"name":"wp","href":"https:\/\/api.w.org\/{rel}","templated":true}]}}