{"id":374,"date":"2026-01-28T17:00:16","date_gmt":"2026-01-28T17:00:16","guid":{"rendered":"https:\/\/emayamaroquinerie.com\/?post_type=product&#038;p=374"},"modified":"2026-01-28T17:02:11","modified_gmt":"2026-01-28T17:02:11","slug":"porte-clef-bijoux-de-sac-coeur-3","status":"publish","type":"product","link":"https:\/\/emayamaroquinerie.com\/index.php\/produit\/porte-clef-bijoux-de-sac-coeur-3\/","title":{"rendered":"Porte clef\/bijoux de sac coeur rouge couture noir"},"content":{"rendered":"<p>Porte-cl\u00e9s \u00ab\u00a0C\u0153ur \u00c9l\u00e9gant\u00a0\u00bb \u2013 Douceur et praticit\u00e9<\/p>\n<p>Ce porte-cl\u00e9s en cuir en forme de c\u0153ur allie un design romantique et une finition artisanale de qualit\u00e9. Parfait pour offrir ou pour s\u2019offrir un accessoire \u00e0 la fois pratique et esth\u00e9tique, il apporte une touche de douceur et de sophistication \u00e0 vos cl\u00e9s du quotidien.<\/p>\n<p><u>Caract\u00e9ristiques principales :<\/u><\/p>\n<p>-Design romantique : Forme de c\u0153ur g\u00e9n\u00e9reuse et harmonieuse, id\u00e9ale pour exprimer l\u2019affection ou simplement ajouter une note po\u00e9tique \u00e0 vos accessoires.<\/p>\n<p>-Mat\u00e9riaux de qualit\u00e9 : Fabriqu\u00e9 en cuir souple et r\u00e9sistant, avec une couleur profonde qui apporte \u00e9l\u00e9gance et originalit\u00e9.<\/p>\n<p>-Finition soign\u00e9e : Coutures \u00e0 la main au point sellier et bordures astiqu\u00e9es (teint\u00e9es) , garantissant une durabilit\u00e9 et un rendu haut de gamme.<\/p>\n<p>-Anneaux m\u00e9talliques solides : \u00c9quip\u00e9 d\u2019un mousqueton et d\u2019un anneau en m\u00e9tal robuste, permettant d\u2019accrocher facilement vos cl\u00e9s et assurant une utilisation pratique au quotidien.<\/p>\n<p>-Polyvalent : Id\u00e9al comme cadeau pour un \u00eatre cher, ou pour ajouter une touche personnelle \u00e0 vos propres cl\u00e9s.<\/p>\n<p><u>Id\u00e9al pour :<\/u><\/p>\n<p>-Un cadeau attentionn\u00e9 pour un anniversaire, la Saint-Valentin, ou simplement pour faire plaisir.<\/p>\n<p>-Ceux qui recherchent un accessoire pratique, \u00e9l\u00e9gant et intemporel<\/p>\n<p>-Une touche de romantisme et de douceur dans les petits d\u00e9tails du quotidien.<\/p>\n<p>Dimensions :  H 11,5 cms \u00d7 6 de large environ<\/p>\n<p>Fabriqu\u00e9e \u00e0 la main avec soin pour garantir un produit unique et durable.<\/p>\n","protected":false},"excerpt":{"rendered":"<p>Porte-cl\u00e9s \u00ab\u00a0C\u0153ur \u00c9l\u00e9gant\u00a0\u00bb \u2013 Douceur et praticit\u00e9 Ce porte-cl\u00e9s en cuir en forme de c\u0153ur allie un design romantique et une finition artisanale de qualit\u00e9. Parfait pour offrir ou pour s\u2019offrir un accessoire \u00e0 la fois pratique et esth\u00e9tique, il apporte une touche de douceur et de sophistication \u00e0 vos cl\u00e9s du quotidien. Caract\u00e9ristiques principales [&hellip;]<\/p>\n","protected":false},"featured_media":375,"comment_status":"open","ping_status":"closed","template":"","meta":[],"product_brand":[],"product_cat":[32],"product_tag":[],"class_list":{"0":"post-374","1":"product","2":"type-product","3":"status-publish","4":"has-post-thumbnail","6":"product_cat-porte-clefs-coeur","7":"product_shipping_class-petits-objets","9":"first","10":"instock","11":"shipping-taxable","12":"purchasable","13":"product-type-simple"},"jetpack_sharing_enabled":true,"tiered_pricing_type":"fixed","tiered_pricing_fixed_rules":[],"tiered_pricing_product_settings":{"layout":"default","base_unit_name":{"singular":null,"plural":null},"default_variation":null},"tiered_pricing_minimum_quantity":null,"tiered_pricing_roles_data":[],"tiered_pricing_percentage_rules":[],"_links":{"self":[{"href":"https:\/\/emayamaroquinerie.com\/index.php\/wp-json\/wp\/v2\/product\/374","targetHints":{"allow":["GET"]}}],"collection":[{"href":"https:\/\/emayamaroquinerie.com\/index.php\/wp-json\/wp\/v2\/product"}],"about":[{"href":"https:\/\/emayamaroquinerie.com\/index.php\/wp-json\/wp\/v2\/types\/product"}],"replies":[{"embeddable":true,"href":"https:\/\/emayamaroquinerie.com\/index.php\/wp-json\/wp\/v2\/comments?post=374"}],"wp:featuredmedia":[{"embeddable":true,"href":"https:\/\/emayamaroquinerie.com\/index.php\/wp-json\/wp\/v2\/media\/375"}],"wp:attachment":[{"href":"https:\/\/emayamaroquinerie.com\/index.php\/wp-json\/wp\/v2\/media?parent=374"}],"wp:term":[{"taxonomy":"product_brand","embeddable":true,"href":"https:\/\/emayamaroquinerie.com\/index.php\/wp-json\/wp\/v2\/product_brand?post=374"},{"taxonomy":"product_cat","embeddable":true,"href":"https:\/\/emayamaroquinerie.com\/index.php\/wp-json\/wp\/v2\/product_cat?post=374"},{"taxonomy":"product_tag","embeddable":true,"href":"https:\/\/emayamaroquinerie.com\/index.php\/wp-json\/wp\/v2\/product_tag?post=374"}],"curies":[{"name":"wp","href":"https:\/\/api.w.org\/{rel}","templated":true}]}}