{"id":311,"date":"2026-01-26T23:06:41","date_gmt":"2026-01-26T23:06:41","guid":{"rendered":"https:\/\/emayamaroquinerie.com\/?post_type=product&#038;p=311"},"modified":"2026-01-26T23:35:36","modified_gmt":"2026-01-26T23:35:36","slug":"sac-a-main-cuir-rouge-2","status":"publish","type":"product","link":"https:\/\/emayamaroquinerie.com\/index.php\/produit\/sac-a-main-cuir-rouge-2\/","title":{"rendered":"Sac \u00e0 main mauve \u00e0 nuances"},"content":{"rendered":"<p><u>Sac \u00e9l\u00e9gant et moderne \u2013 Design unique et raffin\u00e9<\/u><\/p>\n<p>Ce sac allie \u00e9l\u00e9gance et originalit\u00e9 gr\u00e2ce \u00e0 son design soign\u00e9 et ses d\u00e9tails artisanaux. Fabriqu\u00e9 dans un mat\u00e9riau de qualit\u00e9, cuir dit nutbuck, il est \u00e0 la fois r\u00e9sistant et doux au toucher.<\/p>\n<p><u>Caract\u00e9ristiques principales :<\/u><\/p>\n<p>-Motif ajour\u00e9 : La face avant du sac pr\u00e9sente un motif type mandala ajour\u00e9, apportant une touche de sophistication et de l\u00e9g\u00e8ret\u00e9.<\/p>\n<p>-Couleur tendance : Un d\u00e9grad\u00e9 de violet et de mauve, parfait pour ajouter une touche de couleur \u00e0 une tenue tout en restant \u00e9l\u00e9gant.<\/p>\n<p>-Fermeture originale : Bouton en cuir roul\u00e9 qui s&rsquo;ins\u00e8re dans la fentepour un rabat qui reste en place.<\/p>\n<p>-Bandouli\u00e8re ajustable et amovible : Compos\u00e9es d&rsquo;une partie en cuir de 50cms pour plus de confort et de cha\u00eenes de chaque c\u00f4t\u00e9 pour ajuster la longueur. Elle peut se retirer pour utiliser le sac en pochette ou ajuster la longueur de la bandouli\u00e8re. Sera livr\u00e9 avec 2 jeux de cha\u00eenes (un jeux de 20cms et un jeux de 40cms).<\/p>\n<p>-Int\u00e9rieur : Une poche plaqu\u00e9e sur le dos du sac, et un grand espace pour vos essentiels.<\/p>\n<p>-Finitions soign\u00e9es et durables : Les tranches sont astiqu\u00e9es pour une finition durable et esth\u00e9tique dans un ton rose bordeaux qui souligne la couleur du cuir. <u><strong>Les coutures sont enti\u00e8rement r\u00e9alis\u00e9es \u00e0 la main au point sellier.<\/strong><\/u><\/p>\n<p><u>Id\u00e9al pour :<\/u><\/p>\n<p>-Un accessoire polyvalent, parfait pour une journ\u00e9e en ville ou une soir\u00e9e.<\/p>\n<p>-Un cadeau \u00e9l\u00e9gant et intemporel pour les amateurs de mode et de design unique.<\/p>\n<p>-Ceux qui recherchent un sac \u00e0 la fois pratique, styl\u00e9 et durable.<\/p>\n<p>Dimensions : L 25 \u00d7 H 14 \u00d7 Ep 5 cms environ<\/p>\n<p>Fabriqu\u00e9 \u00e0 la main avec soin pour garantir un produit unique et durable.<\/p>\n","protected":false},"excerpt":{"rendered":"<p>Sac \u00e9l\u00e9gant et moderne \u2013 Design unique et raffin\u00e9 Ce sac allie \u00e9l\u00e9gance et originalit\u00e9 gr\u00e2ce \u00e0 son design soign\u00e9 et ses d\u00e9tails artisanaux. Fabriqu\u00e9 dans un mat\u00e9riau de qualit\u00e9, cuir dit nutbuck, il est \u00e0 la fois r\u00e9sistant et doux au toucher. Caract\u00e9ristiques principales : -Motif ajour\u00e9 : La face avant du sac pr\u00e9sente [&hellip;]<\/p>\n","protected":false},"featured_media":320,"comment_status":"open","ping_status":"closed","template":"","meta":[],"product_brand":[],"product_cat":[28],"product_tag":[],"class_list":{"0":"post-311","1":"product","2":"type-product","3":"status-publish","4":"has-post-thumbnail","6":"product_cat-sac-a-main-cuir","7":"product_shipping_class-gros-objets","9":"first","10":"instock","11":"shipping-taxable","12":"purchasable","13":"product-type-simple"},"jetpack_sharing_enabled":true,"tiered_pricing_type":"fixed","tiered_pricing_fixed_rules":[],"tiered_pricing_product_settings":{"layout":"default","base_unit_name":{"singular":null,"plural":null},"default_variation":null},"tiered_pricing_minimum_quantity":null,"tiered_pricing_roles_data":[],"tiered_pricing_percentage_rules":[],"_links":{"self":[{"href":"https:\/\/emayamaroquinerie.com\/index.php\/wp-json\/wp\/v2\/product\/311","targetHints":{"allow":["GET"]}}],"collection":[{"href":"https:\/\/emayamaroquinerie.com\/index.php\/wp-json\/wp\/v2\/product"}],"about":[{"href":"https:\/\/emayamaroquinerie.com\/index.php\/wp-json\/wp\/v2\/types\/product"}],"replies":[{"embeddable":true,"href":"https:\/\/emayamaroquinerie.com\/index.php\/wp-json\/wp\/v2\/comments?post=311"}],"wp:featuredmedia":[{"embeddable":true,"href":"https:\/\/emayamaroquinerie.com\/index.php\/wp-json\/wp\/v2\/media\/320"}],"wp:attachment":[{"href":"https:\/\/emayamaroquinerie.com\/index.php\/wp-json\/wp\/v2\/media?parent=311"}],"wp:term":[{"taxonomy":"product_brand","embeddable":true,"href":"https:\/\/emayamaroquinerie.com\/index.php\/wp-json\/wp\/v2\/product_brand?post=311"},{"taxonomy":"product_cat","embeddable":true,"href":"https:\/\/emayamaroquinerie.com\/index.php\/wp-json\/wp\/v2\/product_cat?post=311"},{"taxonomy":"product_tag","embeddable":true,"href":"https:\/\/emayamaroquinerie.com\/index.php\/wp-json\/wp\/v2\/product_tag?post=311"}],"curies":[{"name":"wp","href":"https:\/\/api.w.org\/{rel}","templated":true}]}}