{"id":227,"date":"2026-01-23T21:02:25","date_gmt":"2026-01-23T21:02:25","guid":{"rendered":"https:\/\/emayamaroquinerie.com\/?post_type=product&#038;p=227"},"modified":"2026-01-26T23:59:44","modified_gmt":"2026-01-26T23:59:44","slug":"sac-a-main-cuir-rouge","status":"publish","type":"product","link":"https:\/\/emayamaroquinerie.com\/index.php\/produit\/sac-a-main-cuir-rouge\/","title":{"rendered":"Sac \u00e0 main cuir rouge \u00e0 nuances"},"content":{"rendered":"<p><u>Sac en cuir \u00ab\u00a0Pierre de Soleil\u00a0\u00bb \u2013 \u00c9l\u00e9gance intemporelle et \u00e9nergie positive<\/u><\/p>\n<p>Ce sac en cuir bordeaux est bien plus qu\u2019un simple accessoire : il allie un design raffin\u00e9, une finition soign\u00e9e et une touche de spiritualit\u00e9 gr\u00e2ce \u00e0 sa pierre naturelle int\u00e9gr\u00e9e.<\/p>\n<p><u>Caract\u00e9ristiques principales :<\/u><\/p>\n<p>-Couleur profonde : Un bordeaux riche et chaleureux, parfait pour ajouter une touche de sophistication \u00e0 toutes vos tenues.<\/p>\n<p>-Mat\u00e9riau de qualit\u00e9 : Fabriqu\u00e9 en cuir v\u00e9ritable, il est \u00e0 la fois r\u00e9sistant, souple et doux au toucher, garantissant une longue dur\u00e9e de vie. Avec ce cuir dit \u00ab\u00a0pullup\u00a0\u00bb il va vivre sous vos doigts et se patiner avec le temps.<\/p>\n<p>-Pierre de Soleil : Une pierre naturelle incrust\u00e9e sur le rabat, symbolisant la joie de vivre, la cr\u00e9ativit\u00e9 et la positivit\u00e9. Id\u00e9ale pour ceux qui traversent des moments de chagrin ou de stress, elle apporte l\u00e9g\u00e8ret\u00e9 et \u00e9nergie.<\/p>\n<p>-Fermeture : \u00e9quip\u00e9 d&rsquo;un rabat avec top magn\u00e9tique.<\/p>\n<p>-Bandouli\u00e8re ajustable et amovible : Compos\u00e9es d&rsquo;une partie en cuir de 50cms pour plus de confort et de cha\u00eenes de chaque c\u00f4t\u00e9 de 40 cms pour ajuster la longueur. Elle peut se retirer . Sera livr\u00e9 avec 2 jeux de cha\u00eenes suppl\u00e9mentaires.<\/p>\n<p>-Int\u00e9rieur spacieux : Avec une poche sur le devant, une sur le derri\u00e8re et un compartiment int\u00e9rieur, il offre suffisamment d\u2019espace pour organiser vos essentiels (t\u00e9l\u00e9phone, portefeuille, cl\u00e9s, etc.).<\/p>\n<p>-D\u00e9tails artisanaux : Les finitions sont soign\u00e9es, avec des d\u00e9tails en m\u00e9tal pour un look chic et moderne. Les tranches sont astiqu\u00e9es pour une finition durable et esth\u00e9tique dans un marron qui souligne la couleur du cuir. <u><strong>Les coutures sont enti\u00e8rement r\u00e9alis\u00e9es \u00e0 la main au point sellier.<\/strong><\/u><\/p>\n<p><u>Id\u00e9al pour :<\/u><\/p>\n<p>-Un accessoire polyvalent, parfait pour une journ\u00e9e en ville ou une soir\u00e9e \u00e9l\u00e9gante.<\/p>\n<p>-Un cadeau unique et symbolique pour les amateurs de lithoth\u00e9rapie et de design intemporel.<\/p>\n<p>-Ceux qui recherchent un sac \u00e0 la fois pratique, styl\u00e9, durable et porteur de sens.<\/p>\n<p><u>Symbolique de la pierre :<\/u><br \/>\n\u00ab\u00a0Joie de vivre, spontan\u00e9it\u00e9, dynamisme, chaleur, cr\u00e9ativit\u00e9, apprendre \u00e0 rire. Pour ceux qui traversent des moments de chagrin ou de d\u00e9pression, qui ne savent plus percevoir la vie avec l\u00e9g\u00e8ret\u00e9, qui ont oubli\u00e9 les recettes de la joie de vivre, qui ont besoin que la lumi\u00e8re r\u00e9chauffe leur corps comme un rayon de soleil, qui ont besoin d\u2019all\u00e9ger ou d\u2019\u00e9gayer leur attitude dans la pesanteur du quotidien.\u00a0\u00bb<\/p>\n<p><u>Dimensions :<\/u> L 30 \u00d7 H 20 \u00d7 Ep 10 cms au plus large<\/p>\n<p>Fabriqu\u00e9 \u00e0 la main avec soin pour garantir un produit unique et durable.<\/p>\n","protected":false},"excerpt":{"rendered":"<p>Sac en cuir \u00ab\u00a0Pierre de Soleil\u00a0\u00bb \u2013 \u00c9l\u00e9gance intemporelle et \u00e9nergie positive Ce sac en cuir bordeaux est bien plus qu\u2019un simple accessoire : il allie un design raffin\u00e9, une finition soign\u00e9e et une touche de spiritualit\u00e9 gr\u00e2ce \u00e0 sa pierre naturelle int\u00e9gr\u00e9e. Caract\u00e9ristiques principales : -Couleur profonde : Un bordeaux riche et chaleureux, parfait [&hellip;]<\/p>\n","protected":false},"featured_media":330,"comment_status":"open","ping_status":"closed","template":"","meta":[],"product_brand":[],"product_cat":[28],"product_tag":[],"class_list":{"0":"post-227","1":"product","2":"type-product","3":"status-publish","4":"has-post-thumbnail","6":"product_cat-sac-a-main-cuir","7":"product_shipping_class-gros-objets","9":"first","10":"instock","11":"shipping-taxable","12":"purchasable","13":"product-type-simple"},"jetpack_sharing_enabled":true,"tiered_pricing_type":"fixed","tiered_pricing_fixed_rules":[],"tiered_pricing_product_settings":{"layout":"default","base_unit_name":{"singular":null,"plural":null},"default_variation":null},"tiered_pricing_minimum_quantity":null,"tiered_pricing_roles_data":[],"tiered_pricing_percentage_rules":[],"_links":{"self":[{"href":"https:\/\/emayamaroquinerie.com\/index.php\/wp-json\/wp\/v2\/product\/227","targetHints":{"allow":["GET"]}}],"collection":[{"href":"https:\/\/emayamaroquinerie.com\/index.php\/wp-json\/wp\/v2\/product"}],"about":[{"href":"https:\/\/emayamaroquinerie.com\/index.php\/wp-json\/wp\/v2\/types\/product"}],"replies":[{"embeddable":true,"href":"https:\/\/emayamaroquinerie.com\/index.php\/wp-json\/wp\/v2\/comments?post=227"}],"wp:featuredmedia":[{"embeddable":true,"href":"https:\/\/emayamaroquinerie.com\/index.php\/wp-json\/wp\/v2\/media\/330"}],"wp:attachment":[{"href":"https:\/\/emayamaroquinerie.com\/index.php\/wp-json\/wp\/v2\/media?parent=227"}],"wp:term":[{"taxonomy":"product_brand","embeddable":true,"href":"https:\/\/emayamaroquinerie.com\/index.php\/wp-json\/wp\/v2\/product_brand?post=227"},{"taxonomy":"product_cat","embeddable":true,"href":"https:\/\/emayamaroquinerie.com\/index.php\/wp-json\/wp\/v2\/product_cat?post=227"},{"taxonomy":"product_tag","embeddable":true,"href":"https:\/\/emayamaroquinerie.com\/index.php\/wp-json\/wp\/v2\/product_tag?post=227"}],"curies":[{"name":"wp","href":"https:\/\/api.w.org\/{rel}","templated":true}]}}